{"id":3163,"date":"2013-11-26T17:04:17","date_gmt":"2013-11-26T17:04:17","guid":{"rendered":"http:\/\/www.museodelarioja.es\/museoromanizacion\/?page_id=3163"},"modified":"2013-11-27T15:57:17","modified_gmt":"2013-11-27T15:57:17","slug":"investigacion","status":"publish","type":"page","link":"https:\/\/www.museodelarioja.es\/museoromanizacion\/investigacion\/","title":{"rendered":"Investigaci\u00f3n"},"content":{"rendered":"<div class=\"flex_column av_one_full  flex_column_div first  avia-builder-el-0  el_before_av_hr  avia-builder-el-first  \" ><p><div  style='padding-bottom:10px; ' class='av-special-heading av-special-heading-h4    avia-builder-el-1  el_before_av_blog  avia-builder-el-first  '><h4 class='av-special-heading-tag '  itemprop=\"headline\"  >\u00daltimos art\u00edculos de Investigaci\u00f3n<\/h4><div class='special-heading-border'><div class='special-heading-inner-border' ><\/div><\/div><\/div><br \/>\n<div   data-autoplay=''  data-interval='5'  data-animation='fade'  data-show_slide_delay='90'  class='avia-content-slider avia-content-grid-active avia-content-slider1 avia-content-slider-even  avia-builder-el-2  el_after_av_heading  avia-builder-el-last  '  itemscope=\"itemscope\" itemtype=\"https:\/\/schema.org\/Blog\" ><div class='avia-content-slider-inner'><div class='slide-entry-wrap'><article class='slide-entry flex_column  post-entry post-entry-3251 slide-entry-overview slide-loop-1 slide-parity-odd  av_one_fourth first real-thumbnail'  itemscope=\"itemscope\" itemtype=\"https:\/\/schema.org\/CreativeWork\" ><a href='https:\/\/www.museodelarioja.es\/museoromanizacion\/tablas-de-san-millan\/' data-rel='slide-1' class='slide-image' title='Tablas de San Mill\u00e1n'><img loading=\"lazy\" decoding=\"async\" width=\"260\" height=\"185\" src=\"https:\/\/www.museodelarioja.es\/museoromanizacion\/wp-content\/uploads\/399_7-260x185.jpg\" class=\"attachment-portfolio_small size-portfolio_small wp-post-image\" alt=\"Tablas de San Mill\u00e1n\" \/><\/a><div class='slide-content'><header class=\"entry-content-header\"><h3 class='slide-entry-title entry-title '  itemprop=\"headline\" ><a href='https:\/\/www.museodelarioja.es\/museoromanizacion\/tablas-de-san-millan\/' title='Tablas de San Mill\u00e1n'>Tablas de San Mill\u00e1n<\/a><\/h3><span class=\"av-vertical-delimiter\"><\/span><\/header><\/div><footer class=\"entry-footer\"><\/footer><span class='hidden'>\n\t\t\t\t<span class='av-structured-data'  itemprop=\"image\" itemscope=\"itemscope\" itemtype=\"https:\/\/schema.org\/ImageObject\" >\n\t\t\t\t\t\t<span itemprop='url'>https:\/\/www.museodelarioja.es\/museoromanizacion\/wp-content\/uploads\/399_7.jpg<\/span>\n\t\t\t\t\t\t<span itemprop='height'>1200<\/span>\n\t\t\t\t\t\t<span itemprop='width'>703<\/span>\n\t\t\t\t<\/span>\n\t\t\t\t<span class='av-structured-data'  itemprop=\"publisher\" itemtype=\"https:\/\/schema.org\/Organization\" itemscope=\"itemscope\" >\n\t\t\t\t\t\t<span itemprop='name'>admin<\/span>\n\t\t\t\t\t\t<span itemprop='logo' itemscope itemtype='https:\/\/schema.org\/ImageObject'>\n\t\t\t\t\t\t\t<span itemprop='url'>http:\/\/www.museodelarioja.es\/museoromanizacion\/wp-content\/uploads\/LOGOMU1.jpg<\/span>\n\t\t\t\t\t\t <\/span>\n\t\t\t\t<\/span><span class='av-structured-data'  itemprop=\"author\" itemscope=\"itemscope\" itemtype=\"https:\/\/schema.org\/Person\" ><span itemprop='name'>admin<\/span><\/span><span class='av-structured-data'  itemprop=\"datePublished\" datetime=\"2013-11-26T17:04:17+00:00\" >2013-11-27 17:13:21<\/span><span class='av-structured-data'  itemprop=\"dateModified\" itemtype=\"https:\/\/schema.org\/dateModified\" >2015-05-18 16:56:53<\/span><span class='av-structured-data'  itemprop=\"mainEntityOfPage\" itemtype=\"https:\/\/schema.org\/mainEntityOfPage\" ><span itemprop='name'>Tablas de San Mill\u00e1n<\/span><\/span><\/span><\/article><article class='slide-entry flex_column  post-entry post-entry-3236 slide-entry-overview slide-loop-2 slide-parity-even  av_one_fourth  fake-thumbnail'  itemscope=\"itemscope\" itemtype=\"https:\/\/schema.org\/CreativeWork\" ><a href='https:\/\/www.museodelarioja.es\/museoromanizacion\/cuadernos-de-arte-rafael-fernandez-mar\/' data-rel='slide-1' class='slide-image' title='Cuadernos de Arte. Rafael  Fern\u00e1ndez. Mar'><span class=' fallback-post-type-icon' aria-hidden='true' data-av_icon='\ue836' data-av_iconfont='entypo-fontello'><\/span><span class='slider-fallback-image'><img loading=\"lazy\" decoding=\"async\" width=\"260\" height=\"185\" src=\"https:\/\/www.museodelarioja.es\/museoromanizacion\/wp-content\/uploads\/fondogris-260x185.jpg\" class=\"attachment-portfolio_small size-portfolio_small wp-post-image\" alt=\"fondo gris Museo de La Rioja\" \/><\/span><\/a><div class='slide-content'><header class=\"entry-content-header\"><h3 class='slide-entry-title entry-title '  itemprop=\"headline\" ><a href='https:\/\/www.museodelarioja.es\/museoromanizacion\/cuadernos-de-arte-rafael-fernandez-mar\/' title='Cuadernos de Arte. Rafael  Fern\u00e1ndez. Mar'>Cuadernos de Arte. Rafael  Fern\u00e1ndez. Mar<\/a><\/h3><span class=\"av-vertical-delimiter\"><\/span><\/header><\/div><footer class=\"entry-footer\"><\/footer><span class='hidden'>\n\t\t\t\t<span class='av-structured-data'  itemprop=\"image\" itemscope=\"itemscope\" itemtype=\"https:\/\/schema.org\/ImageObject\" >\n\t\t\t\t\t\t<span itemprop='url'>http:\/\/www.museodelarioja.es\/museoromanizacion\/wp-content\/uploads\/LOGOMU1.jpg<\/span>\n\t\t\t\t\t\t<span itemprop='height'>0<\/span>\n\t\t\t\t\t\t<span itemprop='width'>0<\/span>\n\t\t\t\t<\/span>\n\t\t\t\t<span class='av-structured-data'  itemprop=\"publisher\" itemtype=\"https:\/\/schema.org\/Organization\" itemscope=\"itemscope\" >\n\t\t\t\t\t\t<span itemprop='name'>admin<\/span>\n\t\t\t\t\t\t<span itemprop='logo' itemscope itemtype='https:\/\/schema.org\/ImageObject'>\n\t\t\t\t\t\t\t<span itemprop='url'>http:\/\/www.museodelarioja.es\/museoromanizacion\/wp-content\/uploads\/LOGOMU1.jpg<\/span>\n\t\t\t\t\t\t <\/span>\n\t\t\t\t<\/span><span class='av-structured-data'  itemprop=\"author\" itemscope=\"itemscope\" itemtype=\"https:\/\/schema.org\/Person\" ><span itemprop='name'>admin<\/span><\/span><span class='av-structured-data'  itemprop=\"datePublished\" datetime=\"2013-11-26T17:04:17+00:00\" >2013-11-27 09:07:58<\/span><span class='av-structured-data'  itemprop=\"dateModified\" itemtype=\"https:\/\/schema.org\/dateModified\" >2015-05-18 16:56:53<\/span><span class='av-structured-data'  itemprop=\"mainEntityOfPage\" itemtype=\"https:\/\/schema.org\/mainEntityOfPage\" ><span itemprop='name'>Cuadernos de Arte. Rafael  Fern\u00e1ndez. Mar<\/span><\/span><\/span><\/article><article class='slide-entry flex_column  post-entry post-entry-3222 slide-entry-overview slide-loop-3 slide-parity-odd  av_one_fourth  real-thumbnail'  itemscope=\"itemscope\" itemtype=\"https:\/\/schema.org\/CreativeWork\" ><a href='https:\/\/www.museodelarioja.es\/museoromanizacion\/el-museo-municipal-de-calahorra-25-anos\/' data-rel='slide-1' class='slide-image' title='El Museo Municipal de Calahorra. 25 A\u00f1os'><img loading=\"lazy\" decoding=\"async\" width=\"260\" height=\"185\" src=\"https:\/\/www.museodelarioja.es\/museoromanizacion\/wp-content\/uploads\/fondogris-260x185.jpg\" class=\"attachment-portfolio_small size-portfolio_small wp-post-image\" alt=\"fondo gris Museo de La Rioja\" \/><\/a><div class='slide-content'><header class=\"entry-content-header\"><h3 class='slide-entry-title entry-title '  itemprop=\"headline\" ><a href='https:\/\/www.museodelarioja.es\/museoromanizacion\/el-museo-municipal-de-calahorra-25-anos\/' title='El Museo Municipal de Calahorra. 25 A\u00f1os'>El Museo Municipal de Calahorra. 25 A\u00f1os<\/a><\/h3><span class=\"av-vertical-delimiter\"><\/span><\/header><\/div><footer class=\"entry-footer\"><\/footer><span class='hidden'>\n\t\t\t\t<span class='av-structured-data'  itemprop=\"image\" itemscope=\"itemscope\" itemtype=\"https:\/\/schema.org\/ImageObject\" >\n\t\t\t\t\t\t<span itemprop='url'>https:\/\/www.museodelarioja.es\/museoromanizacion\/wp-content\/uploads\/fondogris.jpg<\/span>\n\t\t\t\t\t\t<span itemprop='height'>600<\/span>\n\t\t\t\t\t\t<span itemprop='width'>800<\/span>\n\t\t\t\t<\/span>\n\t\t\t\t<span class='av-structured-data'  itemprop=\"publisher\" itemtype=\"https:\/\/schema.org\/Organization\" itemscope=\"itemscope\" >\n\t\t\t\t\t\t<span itemprop='name'>admin<\/span>\n\t\t\t\t\t\t<span itemprop='logo' itemscope itemtype='https:\/\/schema.org\/ImageObject'>\n\t\t\t\t\t\t\t<span itemprop='url'>http:\/\/www.museodelarioja.es\/museoromanizacion\/wp-content\/uploads\/LOGOMU1.jpg<\/span>\n\t\t\t\t\t\t <\/span>\n\t\t\t\t<\/span><span class='av-structured-data'  itemprop=\"author\" itemscope=\"itemscope\" itemtype=\"https:\/\/schema.org\/Person\" ><span itemprop='name'>admin<\/span><\/span><span class='av-structured-data'  itemprop=\"datePublished\" datetime=\"2013-11-26T17:04:17+00:00\" >2013-11-26 18:03:36<\/span><span class='av-structured-data'  itemprop=\"dateModified\" itemtype=\"https:\/\/schema.org\/dateModified\" >2015-05-18 16:56:53<\/span><span class='av-structured-data'  itemprop=\"mainEntityOfPage\" itemtype=\"https:\/\/schema.org\/mainEntityOfPage\" ><span itemprop='name'>El Museo Municipal de Calahorra. 25 A\u00f1os<\/span><\/span><\/span><\/article><article class='slide-entry flex_column  post-entry post-entry-3218 slide-entry-overview slide-loop-4 slide-parity-even  post-entry-last  av_one_fourth  real-thumbnail'  itemscope=\"itemscope\" itemtype=\"https:\/\/schema.org\/CreativeWork\" ><a href='https:\/\/www.museodelarioja.es\/museoromanizacion\/el-museo-de-la-rioja-sus-colecciones-su-biografia\/' data-rel='slide-1' class='slide-image' title='El Museo de La Rioja. Sus Colecciones. Su Biograf\u00eda'><img loading=\"lazy\" decoding=\"async\" width=\"260\" height=\"185\" src=\"https:\/\/www.museodelarioja.es\/museoromanizacion\/wp-content\/uploads\/fondogris-260x185.jpg\" class=\"attachment-portfolio_small size-portfolio_small wp-post-image\" alt=\"fondo gris Museo de La Rioja\" \/><\/a><div class='slide-content'><header class=\"entry-content-header\"><h3 class='slide-entry-title entry-title '  itemprop=\"headline\" ><a href='https:\/\/www.museodelarioja.es\/museoromanizacion\/el-museo-de-la-rioja-sus-colecciones-su-biografia\/' title='El Museo de La Rioja. Sus Colecciones. Su Biograf\u00eda'>El Museo de La Rioja. Sus Colecciones. Su Biograf\u00eda<\/a><\/h3><span class=\"av-vertical-delimiter\"><\/span><\/header><\/div><footer class=\"entry-footer\"><\/footer><span class='hidden'>\n\t\t\t\t<span class='av-structured-data'  itemprop=\"image\" itemscope=\"itemscope\" itemtype=\"https:\/\/schema.org\/ImageObject\" >\n\t\t\t\t\t\t<span itemprop='url'>https:\/\/www.museodelarioja.es\/museoromanizacion\/wp-content\/uploads\/fondogris.jpg<\/span>\n\t\t\t\t\t\t<span itemprop='height'>600<\/span>\n\t\t\t\t\t\t<span itemprop='width'>800<\/span>\n\t\t\t\t<\/span>\n\t\t\t\t<span class='av-structured-data'  itemprop=\"publisher\" itemtype=\"https:\/\/schema.org\/Organization\" itemscope=\"itemscope\" >\n\t\t\t\t\t\t<span itemprop='name'>admin<\/span>\n\t\t\t\t\t\t<span itemprop='logo' itemscope itemtype='https:\/\/schema.org\/ImageObject'>\n\t\t\t\t\t\t\t<span itemprop='url'>http:\/\/www.museodelarioja.es\/museoromanizacion\/wp-content\/uploads\/LOGOMU1.jpg<\/span>\n\t\t\t\t\t\t <\/span>\n\t\t\t\t<\/span><span class='av-structured-data'  itemprop=\"author\" itemscope=\"itemscope\" itemtype=\"https:\/\/schema.org\/Person\" ><span itemprop='name'>admin<\/span><\/span><span class='av-structured-data'  itemprop=\"datePublished\" datetime=\"2013-11-26T17:04:17+00:00\" >2013-11-26 18:00:55<\/span><span class='av-structured-data'  itemprop=\"dateModified\" itemtype=\"https:\/\/schema.org\/dateModified\" >2015-05-18 16:56:53<\/span><span class='av-structured-data'  itemprop=\"mainEntityOfPage\" itemtype=\"https:\/\/schema.org\/mainEntityOfPage\" ><span itemprop='name'>El Museo de La Rioja. Sus Colecciones. Su Biograf\u00eda<\/span><\/span><\/span><\/article><\/div><\/div><div class='pagination-wrap pagination-slider'><nav class='pagination'><span class='pagination-meta'>P\u00e1gina 1 de 4<\/span><span class='current'>1<\/span><a href='https:\/\/www.museodelarioja.es\/museoromanizacion\/wp-json\/wp\/v2\/pages\/3163\/page\/2\/' class='inactive next_page' >2<\/a><a href='https:\/\/www.museodelarioja.es\/museoromanizacion\/wp-json\/wp\/v2\/pages\/3163\/page\/3\/' class='inactive' >3<\/a><a href='https:\/\/www.museodelarioja.es\/museoromanizacion\/wp-json\/wp\/v2\/pages\/3163\/page\/4\/' class='inactive' >4<\/a><\/nav>\n<\/div><\/div><\/p><\/div><div   class='hr hr-default   avia-builder-el-3  el_after_av_one_full  avia-builder-el-last '><span class='hr-inner ' ><span class='hr-inner-style'><\/span><\/span><\/div><\/p>\n","protected":false},"excerpt":{"rendered":"","protected":false},"author":2,"featured_media":0,"parent":0,"menu_order":0,"comment_status":"open","ping_status":"open","template":"","meta":{"footnotes":""},"class_list":["post-3163","page","type-page","status-publish","hentry"],"_links":{"self":[{"href":"https:\/\/www.museodelarioja.es\/museoromanizacion\/wp-json\/wp\/v2\/pages\/3163","targetHints":{"allow":["GET"]}}],"collection":[{"href":"https:\/\/www.museodelarioja.es\/museoromanizacion\/wp-json\/wp\/v2\/pages"}],"about":[{"href":"https:\/\/www.museodelarioja.es\/museoromanizacion\/wp-json\/wp\/v2\/types\/page"}],"author":[{"embeddable":true,"href":"https:\/\/www.museodelarioja.es\/museoromanizacion\/wp-json\/wp\/v2\/users\/2"}],"replies":[{"embeddable":true,"href":"https:\/\/www.museodelarioja.es\/museoromanizacion\/wp-json\/wp\/v2\/comments?post=3163"}],"version-history":[{"count":19,"href":"https:\/\/www.museodelarioja.es\/museoromanizacion\/wp-json\/wp\/v2\/pages\/3163\/revisions"}],"predecessor-version":[{"id":3249,"href":"https:\/\/www.museodelarioja.es\/museoromanizacion\/wp-json\/wp\/v2\/pages\/3163\/revisions\/3249"}],"wp:attachment":[{"href":"https:\/\/www.museodelarioja.es\/museoromanizacion\/wp-json\/wp\/v2\/media?parent=3163"}],"curies":[{"name":"wp","href":"https:\/\/api.w.org\/{rel}","templated":true}]}}